{"id":2446,"date":"2012-10-22T16:25:53","date_gmt":"2012-10-22T14:25:53","guid":{"rendered":"https:\/\/www.juanverdun.com\/techos-velez-malaga\/"},"modified":"2023-05-10T13:19:11","modified_gmt":"2023-05-10T11:19:11","slug":"decken-marbella","status":"publish","type":"page","link":"https:\/\/www.juanverdunmarbella.com\/de\/decken-marbella\/","title":{"rendered":"Decken"},"content":{"rendered":"\t\t<div data-elementor-type=\"wp-page\" data-elementor-id=\"2446\" class=\"elementor elementor-2446 elementor-136\">\n\t\t\t\t\t\t<section class=\"elementor-section elementor-top-section elementor-element elementor-element-49e186e4 elementor-section-boxed elementor-section-height-default elementor-section-height-default\" data-id=\"49e186e4\" data-element_type=\"section\" data-e-type=\"section\" data-settings=\"{&quot;background_background&quot;:&quot;classic&quot;}\">\n\t\t\t\t\t\t\t<div class=\"elementor-background-overlay\"><\/div>\n\t\t\t\t\t\t\t<div class=\"elementor-container elementor-column-gap-no\">\n\t\t\t\t\t<div class=\"elementor-column elementor-col-100 elementor-top-column elementor-element elementor-element-64e7125b\" data-id=\"64e7125b\" data-element_type=\"column\" data-e-type=\"column\">\n\t\t\t<div class=\"elementor-widget-wrap elementor-element-populated\">\n\t\t\t\t\t\t<div class=\"elementor-element elementor-element-276de2ee elementor-widget elementor-widget-heading\" data-id=\"276de2ee\" data-element_type=\"widget\" data-e-type=\"widget\" data-widget_type=\"heading.default\">\n\t\t\t\t<div class=\"elementor-widget-container\">\n\t\t\t\t\t<h1 class=\"elementor-heading-title elementor-size-default\">Decken<\/h1>\t\t\t\t<\/div>\n\t\t\t\t<\/div>\n\t\t\t\t\t<\/div>\n\t\t<\/div>\n\t\t\t\t\t<\/div>\n\t\t<\/section>\n\t\t\t\t<section class=\"elementor-section elementor-top-section elementor-element elementor-element-539a6ab4 elementor-section-boxed elementor-section-height-default elementor-section-height-default\" data-id=\"539a6ab4\" data-element_type=\"section\" data-e-type=\"section\">\n\t\t\t\t\t\t<div class=\"elementor-container elementor-column-gap-default\">\n\t\t\t\t\t<div class=\"elementor-column elementor-col-50 elementor-top-column elementor-element elementor-element-58e35bdc\" data-id=\"58e35bdc\" data-element_type=\"column\" data-e-type=\"column\">\n\t\t\t<div class=\"elementor-widget-wrap elementor-element-populated\">\n\t\t\t\t\t\t<div class=\"elementor-element elementor-element-1c9d3bc elementor-widget elementor-widget-heading\" data-id=\"1c9d3bc\" data-element_type=\"widget\" data-e-type=\"widget\" data-widget_type=\"heading.default\">\n\t\t\t\t<div class=\"elementor-widget-container\">\n\t\t\t\t\t<h2 class=\"elementor-heading-title elementor-size-default\">Profil des Fensters<\/h2>\t\t\t\t<\/div>\n\t\t\t\t<\/div>\n\t\t\t\t<div class=\"elementor-element elementor-element-5d2b012c elementor-widget-divider--view-line elementor-widget elementor-widget-divider\" data-id=\"5d2b012c\" data-element_type=\"widget\" data-e-type=\"widget\" data-widget_type=\"divider.default\">\n\t\t\t\t<div class=\"elementor-widget-container\">\n\t\t\t\t\t\t\t<div class=\"elementor-divider\">\n\t\t\t<span class=\"elementor-divider-separator\">\n\t\t\t\t\t\t<\/span>\n\t\t<\/div>\n\t\t\t\t\t\t<\/div>\n\t\t\t\t<\/div>\n\t\t\t\t<div class=\"elementor-element elementor-element-17981ac2 elementor-widget elementor-widget-image\" data-id=\"17981ac2\" data-element_type=\"widget\" data-e-type=\"widget\" data-widget_type=\"image.default\">\n\t\t\t\t<div class=\"elementor-widget-container\">\n\t\t\t\t\t\t\t\t\t\t\t\t\t\t\t<img fetchpriority=\"high\" decoding=\"async\" width=\"1024\" height=\"1024\" src=\"https:\/\/www.juanverdunmarbella.com\/wp-content\/uploads\/2012\/10\/eurofutur-elegance-1024x1024.jpg\" class=\"attachment-large size-large wp-image-1226\" alt=\"eurofutur-elegance\" srcset=\"https:\/\/www.juanverdunmarbella.com\/wp-content\/uploads\/2012\/10\/eurofutur-elegance-1024x1024.jpg 1024w, https:\/\/www.juanverdunmarbella.com\/wp-content\/uploads\/2012\/10\/eurofutur-elegance-150x150.jpg 150w, https:\/\/www.juanverdunmarbella.com\/wp-content\/uploads\/2012\/10\/eurofutur-elegance-300x300.jpg 300w, https:\/\/www.juanverdunmarbella.com\/wp-content\/uploads\/2012\/10\/eurofutur-elegance.jpg 1200w\" sizes=\"(max-width: 1024px) 100vw, 1024px\" \/>\t\t\t\t\t\t\t\t\t\t\t\t\t\t\t<\/div>\n\t\t\t\t<\/div>\n\t\t\t\t<div class=\"elementor-element elementor-element-7699933e elementor-widget elementor-widget-text-editor\" data-id=\"7699933e\" data-element_type=\"widget\" data-e-type=\"widget\" data-widget_type=\"text-editor.default\">\n\t\t\t\t<div class=\"elementor-widget-container\">\n\t\t\t\t\t\t\t\t\t<p>Profile mit einer Mindesttiefe von 70 mm und 5 Isolierkammern. Kann spezielles und sehr dickes Glas aufnehmen. Schr\u00e4ger Falz f\u00fcr bessere Entl\u00fcftung und hermetischen Verschluss mit doppelter Dichtung. Zwei Arten von Fl\u00fcgeln: versenkt (70 mm) und halb b\u00fcndig (82 mm).<\/p>\t\t\t\t\t\t\t\t<\/div>\n\t\t\t\t<\/div>\n\t\t\t\t\t<\/div>\n\t\t<\/div>\n\t\t\t\t<div class=\"elementor-column elementor-col-50 elementor-top-column elementor-element elementor-element-16464705\" data-id=\"16464705\" data-element_type=\"column\" data-e-type=\"column\">\n\t\t\t<div class=\"elementor-widget-wrap elementor-element-populated\">\n\t\t\t\t\t\t<div class=\"elementor-element elementor-element-1fdc7af3 elementor-widget-tablet__width-initial elementor-widget elementor-widget-heading\" data-id=\"1fdc7af3\" data-element_type=\"widget\" data-e-type=\"widget\" data-widget_type=\"heading.default\">\n\t\t\t\t<div class=\"elementor-widget-container\">\n\t\t\t\t\t<h2 class=\"elementor-heading-title elementor-size-default\">Eurofutur Elegance System\n<\/h2>\t\t\t\t<\/div>\n\t\t\t\t<\/div>\n\t\t\t\t<div class=\"elementor-element elementor-element-46e593c1 elementor-widget-divider--view-line elementor-widget elementor-widget-divider\" data-id=\"46e593c1\" data-element_type=\"widget\" data-e-type=\"widget\" data-widget_type=\"divider.default\">\n\t\t\t\t<div class=\"elementor-widget-container\">\n\t\t\t\t\t\t\t<div class=\"elementor-divider\">\n\t\t\t<span class=\"elementor-divider-separator\">\n\t\t\t\t\t\t<\/span>\n\t\t<\/div>\n\t\t\t\t\t\t<\/div>\n\t\t\t\t<\/div>\n\t\t\t\t<div class=\"elementor-element elementor-element-6c2d8221 elementor-widget elementor-widget-image\" data-id=\"6c2d8221\" data-element_type=\"widget\" data-e-type=\"widget\" data-widget_type=\"image.default\">\n\t\t\t\t<div class=\"elementor-widget-container\">\n\t\t\t\t\t\t\t\t\t\t\t\t\t\t\t<img decoding=\"async\" width=\"1024\" height=\"1024\" src=\"https:\/\/www.juanverdunmarbella.com\/wp-content\/uploads\/2012\/10\/ventanas-pvc-practicables-1024x1024.jpg\" class=\"attachment-large size-large wp-image-1227\" alt=\"ventanas-pvc-practicables\" srcset=\"https:\/\/www.juanverdunmarbella.com\/wp-content\/uploads\/2012\/10\/ventanas-pvc-practicables-1024x1024.jpg 1024w, https:\/\/www.juanverdunmarbella.com\/wp-content\/uploads\/2012\/10\/ventanas-pvc-practicables-150x150.jpg 150w, https:\/\/www.juanverdunmarbella.com\/wp-content\/uploads\/2012\/10\/ventanas-pvc-practicables-300x300.jpg 300w, https:\/\/www.juanverdunmarbella.com\/wp-content\/uploads\/2012\/10\/ventanas-pvc-practicables.jpg 1200w\" sizes=\"(max-width: 1024px) 100vw, 1024px\" \/>\t\t\t\t\t\t\t\t\t\t\t\t\t\t\t<\/div>\n\t\t\t\t<\/div>\n\t\t\t\t<div class=\"elementor-element elementor-element-3d6b9290 elementor-widget elementor-widget-text-editor\" data-id=\"3d6b9290\" data-element_type=\"widget\" data-e-type=\"widget\" data-widget_type=\"text-editor.default\">\n\t\t\t\t<div class=\"elementor-widget-container\">\n\t\t\t\t\t\t\t\t\t<p>Die mit diesem System hergestellten PVC-Fenster entsprechen den neuesten Erkenntnissen der Profiltechnik, um ein H\u00f6chstma\u00df an Isolierung und Widerstandsf\u00e4higkeit zu erreichen. EuroFutur Elegance zeichnet sich aber nicht nur durch seine technischen Eigenschaften aus, sondern auch durch seine raffinierte \u00c4sthetik der weichen Formen. Es bietet eine gro\u00dfe Auswahl an Rahmen, Fl\u00fcgeln und Zubeh\u00f6r, die L\u00f6sungen f\u00fcr alle Stilrichtungen bieten und jeder Umgebung einen besonderen Touch verleihen.<\/p>\t\t\t\t\t\t\t\t<\/div>\n\t\t\t\t<\/div>\n\t\t\t\t\t<\/div>\n\t\t<\/div>\n\t\t\t\t\t<\/div>\n\t\t<\/section>\n\t\t\t\t<section class=\"elementor-section elementor-top-section elementor-element elementor-element-15c98716 elementor-section-boxed elementor-section-height-default elementor-section-height-default\" data-id=\"15c98716\" data-element_type=\"section\" data-e-type=\"section\" data-settings=\"{&quot;background_background&quot;:&quot;classic&quot;}\">\n\t\t\t\t\t\t<div class=\"elementor-container elementor-column-gap-no\">\n\t\t\t\t\t<div class=\"elementor-column elementor-col-50 elementor-top-column elementor-element elementor-element-6a786c8\" data-id=\"6a786c8\" data-element_type=\"column\" data-e-type=\"column\">\n\t\t\t<div class=\"elementor-widget-wrap elementor-element-populated\">\n\t\t\t\t\t\t<div class=\"elementor-element elementor-element-300aa892 elementor-widget elementor-widget-heading\" data-id=\"300aa892\" data-element_type=\"widget\" data-e-type=\"widget\" data-widget_type=\"heading.default\">\n\t\t\t\t<div class=\"elementor-widget-container\">\n\t\t\t\t\t<h4 class=\"elementor-heading-title elementor-size-default\">Jobs<\/h4>\t\t\t\t<\/div>\n\t\t\t\t<\/div>\n\t\t\t\t<div class=\"elementor-element elementor-element-504f5ebf elementor-widget elementor-widget-heading\" data-id=\"504f5ebf\" data-element_type=\"widget\" data-e-type=\"widget\" data-widget_type=\"heading.default\">\n\t\t\t\t<div class=\"elementor-widget-container\">\n\t\t\t\t\t<h2 class=\"elementor-heading-title elementor-size-default\">Zuletzt durchgef\u00fchrte Arbeiten<\/h2>\t\t\t\t<\/div>\n\t\t\t\t<\/div>\n\t\t\t\t\t<\/div>\n\t\t<\/div>\n\t\t\t\t<div class=\"elementor-column elementor-col-50 elementor-top-column elementor-element elementor-element-226214d7\" data-id=\"226214d7\" data-element_type=\"column\" data-e-type=\"column\">\n\t\t\t<div class=\"elementor-widget-wrap elementor-element-populated\">\n\t\t\t\t\t\t<div class=\"elementor-element elementor-element-24db2794 elementor-align-right elementor-mobile-align-left elementor-widget elementor-widget-button\" data-id=\"24db2794\" data-element_type=\"widget\" data-e-type=\"widget\" data-widget_type=\"button.default\">\n\t\t\t\t<div class=\"elementor-widget-container\">\n\t\t\t\t\t\t\t\t\t<div class=\"elementor-button-wrapper\">\n\t\t\t\t\t<a class=\"elementor-button elementor-button-link elementor-size-sm\" href=\"#\">\n\t\t\t\t\t\t<span class=\"elementor-button-content-wrapper\">\n\t\t\t\t\t\t\t\t\t<span class=\"elementor-button-text\">+trabajos<\/span>\n\t\t\t\t\t<\/span>\n\t\t\t\t\t<\/a>\n\t\t\t\t<\/div>\n\t\t\t\t\t\t\t\t<\/div>\n\t\t\t\t<\/div>\n\t\t\t\t\t<\/div>\n\t\t<\/div>\n\t\t\t\t\t<\/div>\n\t\t<\/section>\n\t\t\t\t<section class=\"elementor-section elementor-top-section elementor-element elementor-element-18f00753 elementor-section-boxed elementor-section-height-default elementor-section-height-default\" data-id=\"18f00753\" data-element_type=\"section\" data-e-type=\"section\">\n\t\t\t\t\t\t<div class=\"elementor-container elementor-column-gap-default\">\n\t\t\t\t\t<div class=\"elementor-column elementor-col-100 elementor-top-column elementor-element elementor-element-490ee891\" data-id=\"490ee891\" data-element_type=\"column\" data-e-type=\"column\">\n\t\t\t<div class=\"elementor-widget-wrap elementor-element-populated\">\n\t\t\t\t\t\t<div class=\"elementor-element elementor-element-2aa7921d uael-post__link-complete-yes uael-equal__height-yes elementor-widget elementor-widget-uael-posts\" data-id=\"2aa7921d\" data-element_type=\"widget\" data-e-type=\"widget\" data-settings=\"{&quot;classic_slides_to_show&quot;:3,&quot;classic_slides_to_show_tablet&quot;:2,&quot;classic_slides_to_show_mobile&quot;:1,&quot;classic_show_filters&quot;:&quot;no&quot;}\" data-widget_type=\"uael-posts.classic\">\n\t\t\t\t<div class=\"elementor-widget-container\">\n\t\t\t\t\t\t\t<div class=\"uael-post__header\">\n\t\t\t\t\t<\/div>\n\t\t<div class=\"uael-post__body\">\n\t\t\t\n\t\t\n\t\t<div class=\"uael-blog-terms-position-above_content uael-post-image-top uael-post-grid uael-posts\" data-query-type=\"custom\" data-structure=\"normal\" data-layout=\"\" data-page=\"2446\" data-skin=\"classic\" data-filter-default=\"\" data-offset-top=\"30\" >\n\n\t\t\t\t\t\t\t<div class=\"uael-post-grid__inner uael-post__columns-3 uael-post__columns-tablet-2 uael-post__columns-mobile-1\">\n\t\t\t\n<div class=\"uael-post-wrapper   \">\n\t<div class=\"uael-post__bg-wrap uael-bg-wrap-disabled \">\n\n\t\t\t\t\t<a href=\"https:\/\/www.juanverdunmarbella.com\/de\/werke-pvc\/gehege\/\" target=\"_self\" class=\"uael-post__complete-box-overlay\" aria-label=\"Link Komplettbox\"><\/a>\n\t\t\t\t\n\t\t<div class=\"uael-post__inner-wrap uael-inner-wrap-disabled\">\n\n\t\t\t\t<div class=\"uael-post__thumbnail\">\n\t\t\t\n\t\t\t<a href=\"https:\/\/www.juanverdunmarbella.com\/de\/werke-pvc\/gehege\/\" target=\"_self\" title=\"T\u00fcren und Fenster mit Kurven\"><img decoding=\"async\" width=\"1600\" height=\"1200\" src=\"https:\/\/www.juanverdunmarbella.com\/wp-content\/uploads\/2023\/05\/WhatsApp-Image-2022-10-11-at-4.45.39-PM-5.jpeg\" class=\"attachment-full size-full wp-image-4239\" alt=\"Puertas y Ventanas practicables con curvas\" srcset=\"https:\/\/www.juanverdunmarbella.com\/wp-content\/uploads\/2023\/05\/WhatsApp-Image-2022-10-11-at-4.45.39-PM-5.jpeg 1600w, https:\/\/www.juanverdunmarbella.com\/wp-content\/uploads\/2023\/05\/WhatsApp-Image-2022-10-11-at-4.45.39-PM-5-300x225.jpeg 300w, https:\/\/www.juanverdunmarbella.com\/wp-content\/uploads\/2023\/05\/WhatsApp-Image-2022-10-11-at-4.45.39-PM-5-1024x768.jpeg 1024w, https:\/\/www.juanverdunmarbella.com\/wp-content\/uploads\/2023\/05\/WhatsApp-Image-2022-10-11-at-4.45.39-PM-5-768x576.jpeg 768w, https:\/\/www.juanverdunmarbella.com\/wp-content\/uploads\/2023\/05\/WhatsApp-Image-2022-10-11-at-4.45.39-PM-5-1536x1152.jpeg 1536w\" sizes=\"(max-width: 1600px) 100vw, 1600px\" \/><\/a>\n\t\t\t\t\t<\/div>\n\t\t\n\t\t\t\n\t\t\t<div class=\"uael-post__content-wrap uael-content-wrap-disabled\">\n\t\t\t\t\t\t\t<div class=\"uael-post__terms-wrap\"><span class=\"uael-post__terms\"><span class=\"uael-listing__terms-link\">Fenster<\/span><\/span><\/div>\n\t\t\t\t\t\t<h3 class=\"uael-post__title\">\n\n\t\t\n\t\t\t\t\t\t<a href=\"https:\/\/www.juanverdunmarbella.com\/de\/werke-pvc\/gehege\/\" target=\"_self\">\n\t\t\t\tT\u00fcren und Fenster mit Kurven\t\t\t<\/a>\n\n\t\t\t\t<\/h3>\n\t\t\n\t\t<div class=\"uael-post__excerpt\">\n\t\t\tT\u00fcren und Fenster mit Kurven Jobs Einige unserer Arbeiten +trabajos Opcional Entrance door De entrada Puerta de entrada De entrada Puerta de entrada para edificio ...\t\t<\/div>\n\n\t\t\t\t\t<\/div>\n\t\t\t\n\t\t<\/div>\n\t\t\n\t<\/div>\n\n<\/div>\n\n<div class=\"uael-post-wrapper   \">\n\t<div class=\"uael-post__bg-wrap uael-bg-wrap-disabled \">\n\n\t\t\t\t\t<a href=\"https:\/\/www.juanverdunmarbella.com\/de\/werke-pvc\/verschluss-mit-fluegeltueren\/\" target=\"_self\" class=\"uael-post__complete-box-overlay\" aria-label=\"Link Komplettbox\"><\/a>\n\t\t\t\t\n\t\t<div class=\"uael-post__inner-wrap uael-inner-wrap-disabled\">\n\n\t\t\t\t<div class=\"uael-post__thumbnail\">\n\t\t\t\n\t\t\t<a href=\"https:\/\/www.juanverdunmarbella.com\/de\/werke-pvc\/verschluss-mit-fluegeltueren\/\" target=\"_self\" title=\"Verschluss mit Fl\u00fcgelt\u00fcren\"><img loading=\"lazy\" decoding=\"async\" width=\"1024\" height=\"471\" src=\"https:\/\/www.juanverdunmarbella.com\/wp-content\/uploads\/2023\/05\/WhatsApp-Image-2022-02-25-at-8.35.39-PM-1.jpeg\" class=\"attachment-full size-full wp-image-4186\" alt=\"Cierre con puertas practicables\" srcset=\"https:\/\/www.juanverdunmarbella.com\/wp-content\/uploads\/2023\/05\/WhatsApp-Image-2022-02-25-at-8.35.39-PM-1.jpeg 1024w, https:\/\/www.juanverdunmarbella.com\/wp-content\/uploads\/2023\/05\/WhatsApp-Image-2022-02-25-at-8.35.39-PM-1-300x138.jpeg 300w, https:\/\/www.juanverdunmarbella.com\/wp-content\/uploads\/2023\/05\/WhatsApp-Image-2022-02-25-at-8.35.39-PM-1-768x353.jpeg 768w\" sizes=\"(max-width: 1024px) 100vw, 1024px\" \/><\/a>\n\t\t\t\t\t<\/div>\n\t\t\n\t\t\t\n\t\t\t<div class=\"uael-post__content-wrap uael-content-wrap-disabled\">\n\t\t\t\t\t\t\t<div class=\"uael-post__terms-wrap\"><span class=\"uael-post__terms\"><span class=\"uael-listing__terms-link\">\u00f6ffnbar<\/span><\/span><\/div>\n\t\t\t\t\t\t<h3 class=\"uael-post__title\">\n\n\t\t\n\t\t\t\t\t\t<a href=\"https:\/\/www.juanverdunmarbella.com\/de\/werke-pvc\/verschluss-mit-fluegeltueren\/\" target=\"_self\">\n\t\t\t\tVerschluss mit Fl\u00fcgelt\u00fcren\t\t\t<\/a>\n\n\t\t\t\t<\/h3>\n\t\t\n\t\t<div class=\"uael-post__excerpt\">\n\t\t\tVerschluss mit Fl\u00fcgelt\u00fcren Jobs Einige unserer Arbeiten +trabajos De entrada Puerta de entrada Opcional Puerta practicable con ventanal fijo De entrada Puerta de entrada Opcional ...\t\t<\/div>\n\n\t\t\t\t\t<\/div>\n\t\t\t\n\t\t<\/div>\n\t\t\n\t<\/div>\n\n<\/div>\n\n<div class=\"uael-post-wrapper   \">\n\t<div class=\"uael-post__bg-wrap uael-bg-wrap-disabled \">\n\n\t\t\t\t\t<a href=\"https:\/\/www.juanverdunmarbella.com\/de\/werke-pvc\/praktische-tuer-mit-festem-fenster\/\" target=\"_self\" class=\"uael-post__complete-box-overlay\" aria-label=\"Link Komplettbox\"><\/a>\n\t\t\t\t\n\t\t<div class=\"uael-post__inner-wrap uael-inner-wrap-disabled\">\n\n\t\t\t\t<div class=\"uael-post__thumbnail\">\n\t\t\t\n\t\t\t<a href=\"https:\/\/www.juanverdunmarbella.com\/de\/werke-pvc\/praktische-tuer-mit-festem-fenster\/\" target=\"_self\" title=\"Praktische T\u00fcr mit festem Fenster\"><img loading=\"lazy\" decoding=\"async\" width=\"1600\" height=\"1195\" src=\"https:\/\/www.juanverdunmarbella.com\/wp-content\/uploads\/2023\/05\/IMG-20230424-WA0023.jpg\" class=\"attachment-full size-full wp-image-4178\" alt=\"Puerta practicable con ventanal fijo\" srcset=\"https:\/\/www.juanverdunmarbella.com\/wp-content\/uploads\/2023\/05\/IMG-20230424-WA0023.jpg 1600w, https:\/\/www.juanverdunmarbella.com\/wp-content\/uploads\/2023\/05\/IMG-20230424-WA0023-300x224.jpg 300w, https:\/\/www.juanverdunmarbella.com\/wp-content\/uploads\/2023\/05\/IMG-20230424-WA0023-1024x765.jpg 1024w, https:\/\/www.juanverdunmarbella.com\/wp-content\/uploads\/2023\/05\/IMG-20230424-WA0023-768x574.jpg 768w, https:\/\/www.juanverdunmarbella.com\/wp-content\/uploads\/2023\/05\/IMG-20230424-WA0023-1536x1147.jpg 1536w\" sizes=\"(max-width: 1600px) 100vw, 1600px\" \/><\/a>\n\t\t\t\t\t<\/div>\n\t\t\n\t\t\t\n\t\t\t<div class=\"uael-post__content-wrap uael-content-wrap-disabled\">\n\t\t\t\t\t\t\t<div class=\"uael-post__terms-wrap\"><span class=\"uael-post__terms\"><span class=\"uael-listing__terms-link\">Fenster<\/span><\/span><\/div>\n\t\t\t\t\t\t<h3 class=\"uael-post__title\">\n\n\t\t\n\t\t\t\t\t\t<a href=\"https:\/\/www.juanverdunmarbella.com\/de\/werke-pvc\/praktische-tuer-mit-festem-fenster\/\" target=\"_self\">\n\t\t\t\tPraktische T\u00fcr mit festem Fenster\t\t\t<\/a>\n\n\t\t\t\t<\/h3>\n\t\t\n\t\t<div class=\"uael-post__excerpt\">\n\t\t\tPraktische T\u00fcr mit festem Fenster Jobs Einige unserer Arbeiten +trabajos De entrada Puerta de entrada De entrada Puerta de entrada para edificio Cierres Cierre con ...\t\t<\/div>\n\n\t\t\t\t\t<\/div>\n\t\t\t\n\t\t<\/div>\n\t\t\n\t<\/div>\n\n<\/div>\n\n<div class=\"uael-post-wrapper   \">\n\t<div class=\"uael-post__bg-wrap uael-bg-wrap-disabled \">\n\n\t\t\t\t\t<a href=\"https:\/\/www.juanverdunmarbella.com\/de\/werke-pvc\/fluegelfenster-mit-holzfolie\/\" target=\"_self\" class=\"uael-post__complete-box-overlay\" aria-label=\"Link Komplettbox\"><\/a>\n\t\t\t\t\n\t\t<div class=\"uael-post__inner-wrap uael-inner-wrap-disabled\">\n\n\t\t\t\t<div class=\"uael-post__thumbnail\">\n\t\t\t\n\t\t\t<a href=\"https:\/\/www.juanverdunmarbella.com\/de\/werke-pvc\/fluegelfenster-mit-holzfolie\/\" target=\"_self\" title=\"Fl\u00fcgelfenster mit Holzfolie\"><img loading=\"lazy\" decoding=\"async\" width=\"2048\" height=\"1536\" src=\"https:\/\/www.juanverdunmarbella.com\/wp-content\/uploads\/2023\/05\/ventana-despues.jpg\" class=\"attachment-full size-full wp-image-4124\" alt=\"Puerta de entrada para edificio\" srcset=\"https:\/\/www.juanverdunmarbella.com\/wp-content\/uploads\/2023\/05\/ventana-despues.jpg 2048w, https:\/\/www.juanverdunmarbella.com\/wp-content\/uploads\/2023\/05\/ventana-despues-300x225.jpg 300w, https:\/\/www.juanverdunmarbella.com\/wp-content\/uploads\/2023\/05\/ventana-despues-1024x768.jpg 1024w, https:\/\/www.juanverdunmarbella.com\/wp-content\/uploads\/2023\/05\/ventana-despues-768x576.jpg 768w, https:\/\/www.juanverdunmarbella.com\/wp-content\/uploads\/2023\/05\/ventana-despues-1536x1152.jpg 1536w\" sizes=\"(max-width: 2048px) 100vw, 2048px\" \/><\/a>\n\t\t\t\t\t<\/div>\n\t\t\n\t\t\t\n\t\t\t<div class=\"uael-post__content-wrap uael-content-wrap-disabled\">\n\t\t\t\t\t\t\t<div class=\"uael-post__terms-wrap\"><span class=\"uael-post__terms\"><span class=\"uael-listing__terms-link\">Fenster<\/span><\/span><\/div>\n\t\t\t\t\t\t<h3 class=\"uael-post__title\">\n\n\t\t\n\t\t\t\t\t\t<a href=\"https:\/\/www.juanverdunmarbella.com\/de\/werke-pvc\/fluegelfenster-mit-holzfolie\/\" target=\"_self\">\n\t\t\t\tFl\u00fcgelfenster mit Holzfolie\t\t\t<\/a>\n\n\t\t\t\t<\/h3>\n\t\t\n\t\t<div class=\"uael-post__excerpt\">\n\t\t\tFl\u00fcgelfenster mit Holzfolie Jobs Einige unserer Arbeiten +trabajos De entrada Puerta de entrada Cierres Cierre con puertas practicables Opcional Ventana practicable con foliado en madera ...\t\t<\/div>\n\n\t\t\t\t\t<\/div>\n\t\t\t\n\t\t<\/div>\n\t\t\n\t<\/div>\n\n<\/div>\n\n<div class=\"uael-post-wrapper   \">\n\t<div class=\"uael-post__bg-wrap uael-bg-wrap-disabled \">\n\n\t\t\t\t\t<a href=\"https:\/\/www.juanverdunmarbella.com\/de\/werke-pvc\/tueren-und-fenster-mit-kurven\/\" target=\"_self\" class=\"uael-post__complete-box-overlay\" aria-label=\"Link Komplettbox\"><\/a>\n\t\t\t\t\n\t\t<div class=\"uael-post__inner-wrap uael-inner-wrap-disabled\">\n\n\t\t\t\t<div class=\"uael-post__thumbnail\">\n\t\t\t\n\t\t\t<a href=\"https:\/\/www.juanverdunmarbella.com\/de\/werke-pvc\/tueren-und-fenster-mit-kurven\/\" target=\"_self\" title=\"T\u00fcren und Fenster mit Kurven\"><img loading=\"lazy\" decoding=\"async\" width=\"2040\" height=\"1530\" src=\"https:\/\/www.juanverdunmarbella.com\/wp-content\/uploads\/2023\/05\/IMG-20230427-WA0026.jpg\" class=\"attachment-full size-full wp-image-4090\" alt=\"Puertas y Ventanas practicables con Curvas\u200b\" srcset=\"https:\/\/www.juanverdunmarbella.com\/wp-content\/uploads\/2023\/05\/IMG-20230427-WA0026.jpg 2040w, https:\/\/www.juanverdunmarbella.com\/wp-content\/uploads\/2023\/05\/IMG-20230427-WA0026-300x225.jpg 300w, https:\/\/www.juanverdunmarbella.com\/wp-content\/uploads\/2023\/05\/IMG-20230427-WA0026-1024x768.jpg 1024w, https:\/\/www.juanverdunmarbella.com\/wp-content\/uploads\/2023\/05\/IMG-20230427-WA0026-768x576.jpg 768w, https:\/\/www.juanverdunmarbella.com\/wp-content\/uploads\/2023\/05\/IMG-20230427-WA0026-1536x1152.jpg 1536w\" sizes=\"(max-width: 2040px) 100vw, 2040px\" \/><\/a>\n\t\t\t\t\t<\/div>\n\t\t\n\t\t\t\n\t\t\t<div class=\"uael-post__content-wrap uael-content-wrap-disabled\">\n\t\t\t\t\t\t\t<div class=\"uael-post__terms-wrap\"><span class=\"uael-post__terms\"><span class=\"uael-listing__terms-link\">Fenster<\/span><\/span><\/div>\n\t\t\t\t\t\t<h3 class=\"uael-post__title\">\n\n\t\t\n\t\t\t\t\t\t<a href=\"https:\/\/www.juanverdunmarbella.com\/de\/werke-pvc\/tueren-und-fenster-mit-kurven\/\" target=\"_self\">\n\t\t\t\tT\u00fcren und Fenster mit Kurven\t\t\t<\/a>\n\n\t\t\t\t<\/h3>\n\t\t\n\t\t<div class=\"uael-post__excerpt\">\n\t\t\tT\u00fcren und Fenster mit Kurven Jobs Einige unserer Arbeiten +trabajos De entrada Puerta de entrada Opcional Puerta practicable con ventanal fijo De entrada Puerta de ...\t\t<\/div>\n\n\t\t\t\t\t<\/div>\n\t\t\t\n\t\t<\/div>\n\t\t\n\t<\/div>\n\n<\/div>\n\n<div class=\"uael-post-wrapper   \">\n\t<div class=\"uael-post__bg-wrap uael-bg-wrap-disabled \">\n\n\t\t\t\t\t<a href=\"https:\/\/www.juanverdunmarbella.com\/de\/werke-pvc\/die-alte-apotheke\/\" target=\"_self\" class=\"uael-post__complete-box-overlay\" aria-label=\"Link Komplettbox\"><\/a>\n\t\t\t\t\n\t\t<div class=\"uael-post__inner-wrap uael-inner-wrap-disabled\">\n\n\t\t\t\t<div class=\"uael-post__thumbnail\">\n\t\t\t\n\t\t\t<a href=\"https:\/\/www.juanverdunmarbella.com\/de\/werke-pvc\/die-alte-apotheke\/\" target=\"_self\" title=\"Die alte Apotheke\"><img loading=\"lazy\" decoding=\"async\" width=\"1024\" height=\"771\" src=\"https:\/\/www.juanverdunmarbella.com\/wp-content\/uploads\/2023\/05\/ventanas-practiables.jpg\" class=\"attachment-full size-full wp-image-4029\" alt=\"ventanas-practiables\" srcset=\"https:\/\/www.juanverdunmarbella.com\/wp-content\/uploads\/2023\/05\/ventanas-practiables.jpg 1024w, https:\/\/www.juanverdunmarbella.com\/wp-content\/uploads\/2023\/05\/ventanas-practiables-300x226.jpg 300w, https:\/\/www.juanverdunmarbella.com\/wp-content\/uploads\/2023\/05\/ventanas-practiables-768x578.jpg 768w\" sizes=\"(max-width: 1024px) 100vw, 1024px\" \/><\/a>\n\t\t\t\t\t<\/div>\n\t\t\n\t\t\t\n\t\t\t<div class=\"uael-post__content-wrap uael-content-wrap-disabled\">\n\t\t\t\t\t\t\t<div class=\"uael-post__terms-wrap\"><span class=\"uael-post__terms\"><span class=\"uael-listing__terms-link\">Fenster<\/span><\/span><\/div>\n\t\t\t\t\t\t<h3 class=\"uael-post__title\">\n\n\t\t\n\t\t\t\t\t\t<a href=\"https:\/\/www.juanverdunmarbella.com\/de\/werke-pvc\/die-alte-apotheke\/\" target=\"_self\">\n\t\t\t\tDie alte Apotheke\t\t\t<\/a>\n\n\t\t\t\t<\/h3>\n\t\t\n\t\t<div class=\"uael-post__excerpt\">\n\t\t\tDie alte Apotheke Jobs Einige unserer Arbeiten +trabajos Cierres Cierre con puertas practicables Opcional Puerta practicable con ventanal fijo De entrada Puerta de entrada De ...\t\t<\/div>\n\n\t\t\t\t\t<\/div>\n\t\t\t\n\t\t<\/div>\n\t\t\n\t<\/div>\n\n<\/div>\n\t\t\t\t<\/div>\n\t\t\t\t\t\t\n\t\t<\/div>\n\n\t\t\t\t\t\t<\/div>\n\t\t<div class=\"uael-post__footer\">\n\t\t\t\t\t<\/div>\n\t\t\t\t\t\t<\/div>\n\t\t\t\t<\/div>\n\t\t\t\t\t<\/div>\n\t\t<\/div>\n\t\t\t\t\t<\/div>\n\t\t<\/section>\n\t\t\t\t<section class=\"elementor-section elementor-top-section elementor-element elementor-element-544d3282 elementor-section-full_width elementor-section-height-default elementor-section-height-default\" data-id=\"544d3282\" data-element_type=\"section\" data-e-type=\"section\">\n\t\t\t\t\t\t<div class=\"elementor-container elementor-column-gap-no\">\n\t\t\t\t\t<div class=\"elementor-column elementor-col-50 elementor-top-column elementor-element elementor-element-35d84351\" data-id=\"35d84351\" data-element_type=\"column\" data-e-type=\"column\" data-settings=\"{&quot;background_background&quot;:&quot;classic&quot;}\">\n\t\t\t<div class=\"elementor-widget-wrap elementor-element-populated\">\n\t\t\t\t\t<div class=\"elementor-background-overlay\"><\/div>\n\t\t\t\t\t\t<section class=\"elementor-section elementor-inner-section elementor-element elementor-element-4eb8a232 elementor-section-boxed elementor-section-height-default elementor-section-height-default\" data-id=\"4eb8a232\" data-element_type=\"section\" data-e-type=\"section\">\n\t\t\t\t\t\t<div class=\"elementor-container elementor-column-gap-no\">\n\t\t\t\t\t<div class=\"elementor-column elementor-col-100 elementor-inner-column elementor-element elementor-element-5fa4ab89\" data-id=\"5fa4ab89\" data-element_type=\"column\" data-e-type=\"column\">\n\t\t\t<div class=\"elementor-widget-wrap elementor-element-populated\">\n\t\t\t\t\t\t<div class=\"elementor-element elementor-element-2e2dd26c elementor-widget elementor-widget-heading\" data-id=\"2e2dd26c\" data-element_type=\"widget\" data-e-type=\"widget\" data-widget_type=\"heading.default\">\n\t\t\t\t<div class=\"elementor-widget-container\">\n\t\t\t\t\t<h4 class=\"elementor-heading-title elementor-size-default\">Nachhaltigkeit<\/h4>\t\t\t\t<\/div>\n\t\t\t\t<\/div>\n\t\t\t\t<div class=\"elementor-element elementor-element-4d06e6c0 elementor-widget elementor-widget-heading\" data-id=\"4d06e6c0\" data-element_type=\"widget\" data-e-type=\"widget\" data-widget_type=\"heading.default\">\n\t\t\t\t<div class=\"elementor-widget-container\">\n\t\t\t\t\t<h2 class=\"elementor-heading-title elementor-size-default\">Engagiert f\u00fcr die Erhaltung der Energie<\/h2>\t\t\t\t<\/div>\n\t\t\t\t<\/div>\n\t\t\t\t<div class=\"elementor-element elementor-element-4f841bdc elementor-widget elementor-widget-text-editor\" data-id=\"4f841bdc\" data-element_type=\"widget\" data-e-type=\"widget\" data-widget_type=\"text-editor.default\">\n\t\t\t\t<div class=\"elementor-widget-container\">\n\t\t\t\t\t\t\t\t\t<p>Das PVC-D\u00e4mmsystem erm\u00f6glicht es, die W\u00e4rme in den R\u00e4umen zu halten und sie gegen K\u00e4lte, Hitze und L\u00e4rm zu isolieren.<\/p>\t\t\t\t\t\t\t\t<\/div>\n\t\t\t\t<\/div>\n\t\t\t\t<div class=\"elementor-element elementor-element-79e007f0 elementor-widget elementor-widget-button\" data-id=\"79e007f0\" data-element_type=\"widget\" data-e-type=\"widget\" data-widget_type=\"button.default\">\n\t\t\t\t<div class=\"elementor-widget-container\">\n\t\t\t\t\t\t\t\t\t<div class=\"elementor-button-wrapper\">\n\t\t\t\t\t<a class=\"elementor-button elementor-button-link elementor-size-sm\" href=\"https:\/\/www.juanverdunmarbella.com\/de\/kontakt\/\">\n\t\t\t\t\t\t<span class=\"elementor-button-content-wrapper\">\n\t\t\t\t\t\t\t\t\t<span class=\"elementor-button-text\">Kontakt<\/span>\n\t\t\t\t\t<\/span>\n\t\t\t\t\t<\/a>\n\t\t\t\t<\/div>\n\t\t\t\t\t\t\t\t<\/div>\n\t\t\t\t<\/div>\n\t\t\t\t\t<\/div>\n\t\t<\/div>\n\t\t\t\t\t<\/div>\n\t\t<\/section>\n\t\t\t\t\t<\/div>\n\t\t<\/div>\n\t\t\t\t<div class=\"elementor-column elementor-col-50 elementor-top-column elementor-element elementor-element-295f9bb8\" data-id=\"295f9bb8\" data-element_type=\"column\" data-e-type=\"column\" data-settings=\"{&quot;background_background&quot;:&quot;classic&quot;}\">\n\t\t\t<div class=\"elementor-widget-wrap elementor-element-populated\">\n\t\t\t\t\t<div class=\"elementor-background-overlay\"><\/div>\n\t\t\t\t\t\t<section class=\"elementor-section elementor-inner-section elementor-element elementor-element-7b20962b elementor-section-boxed elementor-section-height-default elementor-section-height-default\" data-id=\"7b20962b\" data-element_type=\"section\" data-e-type=\"section\">\n\t\t\t\t\t\t<div class=\"elementor-container elementor-column-gap-no\">\n\t\t\t\t\t<div class=\"elementor-column elementor-col-100 elementor-inner-column elementor-element elementor-element-177bb389\" data-id=\"177bb389\" data-element_type=\"column\" data-e-type=\"column\">\n\t\t\t<div class=\"elementor-widget-wrap elementor-element-populated\">\n\t\t\t\t\t\t<div class=\"elementor-element elementor-element-466ef7be elementor-widget elementor-widget-heading\" data-id=\"466ef7be\" data-element_type=\"widget\" data-e-type=\"widget\" data-widget_type=\"heading.default\">\n\t\t\t\t<div class=\"elementor-widget-container\">\n\t\t\t\t\t<h3 class=\"elementor-heading-title elementor-size-default\">Wir folgen der besten Praxis<\/h3>\t\t\t\t<\/div>\n\t\t\t\t<\/div>\n\t\t\t\t<div class=\"elementor-element elementor-element-5e431b96 elementor-widget elementor-widget-text-editor\" data-id=\"5e431b96\" data-element_type=\"widget\" data-e-type=\"widget\" data-widget_type=\"text-editor.default\">\n\t\t\t\t<div class=\"elementor-widget-container\">\n\t\t\t\t\t\t\t\t\t<p>Juan Verd\u00fan ist ein Unternehmen, das sich f\u00fcr seine Kunden und die Umwelt einsetzt.<\/p>\t\t\t\t\t\t\t\t<\/div>\n\t\t\t\t<\/div>\n\t\t\t\t<div class=\"elementor-element elementor-element-546b5ab7 elementor-icon-list--layout-traditional elementor-list-item-link-full_width elementor-widget elementor-widget-icon-list\" data-id=\"546b5ab7\" data-element_type=\"widget\" data-e-type=\"widget\" data-widget_type=\"icon-list.default\">\n\t\t\t\t<div class=\"elementor-widget-container\">\n\t\t\t\t\t\t\t<ul class=\"elementor-icon-list-items\">\n\t\t\t\t\t\t\t<li class=\"elementor-icon-list-item\">\n\t\t\t\t\t\t\t\t\t\t\t<span class=\"elementor-icon-list-icon\">\n\t\t\t\t\t\t\t<i aria-hidden=\"true\" class=\"fas fa-recycle\"><\/i>\t\t\t\t\t\t<\/span>\n\t\t\t\t\t\t\t\t\t\t<span class=\"elementor-icon-list-text\">Nachhaltigkeit<\/span>\n\t\t\t\t\t\t\t\t\t<\/li>\n\t\t\t\t\t\t\t\t<li class=\"elementor-icon-list-item\">\n\t\t\t\t\t\t\t\t\t\t\t<span class=\"elementor-icon-list-icon\">\n\t\t\t\t\t\t\t<i aria-hidden=\"true\" class=\"fas fa-clock\"><\/i>\t\t\t\t\t\t<\/span>\n\t\t\t\t\t\t\t\t\t\t<span class=\"elementor-icon-list-text\">Projekte im Zeitplan<\/span>\n\t\t\t\t\t\t\t\t\t<\/li>\n\t\t\t\t\t\t\t\t<li class=\"elementor-icon-list-item\">\n\t\t\t\t\t\t\t\t\t\t\t<span class=\"elementor-icon-list-icon\">\n\t\t\t\t\t\t\t<i aria-hidden=\"true\" class=\"fas fa-desktop\"><\/i>\t\t\t\t\t\t<\/span>\n\t\t\t\t\t\t\t\t\t\t<span class=\"elementor-icon-list-text\">Modernste Technologie<\/span>\n\t\t\t\t\t\t\t\t\t<\/li>\n\t\t\t\t\t\t\t\t<li class=\"elementor-icon-list-item\">\n\t\t\t\t\t\t\t\t\t\t\t<span class=\"elementor-icon-list-icon\">\n\t\t\t\t\t\t\t<i aria-hidden=\"true\" class=\"fas fa-pencil-ruler\"><\/i>\t\t\t\t\t\t<\/span>\n\t\t\t\t\t\t\t\t\t\t<span class=\"elementor-icon-list-text\">Avantgardistische Entw\u00fcrfe<\/span>\n\t\t\t\t\t\t\t\t\t<\/li>\n\t\t\t\t\t\t<\/ul>\n\t\t\t\t\t\t<\/div>\n\t\t\t\t<\/div>\n\t\t\t\t\t<\/div>\n\t\t<\/div>\n\t\t\t\t\t<\/div>\n\t\t<\/section>\n\t\t\t\t\t<\/div>\n\t\t<\/div>\n\t\t\t\t\t<\/div>\n\t\t<\/section>\n\t\t\t\t<\/div>\n\t\t","protected":false},"excerpt":{"rendered":"<p>Decken Profil des Fensters Profile mit einer Mindesttiefe von 70 mm und 5 Isolierkammern. Kann spezielles und sehr dickes Glas aufnehmen. Schr\u00e4ger Falz f\u00fcr bessere Entl\u00fcftung und hermetischen Verschluss mit doppelter Dichtung. Zwei Arten von Fl\u00fcgeln: versenkt (70 mm) und halb b\u00fcndig (82 mm). Eurofutur Elegance System Die mit diesem System hergestellten PVC-Fenster entsprechen den [&hellip;]<\/p>\n","protected":false},"author":3,"featured_media":0,"parent":0,"menu_order":0,"comment_status":"closed","ping_status":"closed","template":"","meta":{"site-sidebar-layout":"default","site-content-layout":"page-builder","ast-site-content-layout":"default","site-content-style":"default","site-sidebar-style":"default","ast-global-header-display":"","ast-banner-title-visibility":"","ast-main-header-display":"","ast-hfb-above-header-display":"","ast-hfb-below-header-display":"","ast-hfb-mobile-header-display":"","site-post-title":"disabled","ast-breadcrumbs-content":"","ast-featured-img":"disabled","footer-sml-layout":"","ast-disable-related-posts":"","theme-transparent-header-meta":"enabled","adv-header-id-meta":"","stick-header-meta":"","header-above-stick-meta":"","header-main-stick-meta":"","header-below-stick-meta":"","astra-migrate-meta-layouts":"default","ast-page-background-enabled":"default","ast-page-background-meta":{"desktop":{"background-color":"var(--ast-global-color-4)","background-image":"","background-repeat":"repeat","background-position":"center center","background-size":"auto","background-attachment":"scroll","background-type":"","background-media":"","overlay-type":"","overlay-color":"","overlay-opacity":"","overlay-gradient":""},"tablet":{"background-color":"","background-image":"","background-repeat":"repeat","background-position":"center center","background-size":"auto","background-attachment":"scroll","background-type":"","background-media":"","overlay-type":"","overlay-color":"","overlay-opacity":"","overlay-gradient":""},"mobile":{"background-color":"","background-image":"","background-repeat":"repeat","background-position":"center center","background-size":"auto","background-attachment":"scroll","background-type":"","background-media":"","overlay-type":"","overlay-color":"","overlay-opacity":"","overlay-gradient":""}},"ast-content-background-meta":{"desktop":{"background-color":"var(--ast-global-color-5)","background-image":"","background-repeat":"repeat","background-position":"center center","background-size":"auto","background-attachment":"scroll","background-type":"","background-media":"","overlay-type":"","overlay-color":"","overlay-opacity":"","overlay-gradient":""},"tablet":{"background-color":"var(--ast-global-color-5)","background-image":"","background-repeat":"repeat","background-position":"center center","background-size":"auto","background-attachment":"scroll","background-type":"","background-media":"","overlay-type":"","overlay-color":"","overlay-opacity":"","overlay-gradient":""},"mobile":{"background-color":"var(--ast-global-color-5)","background-image":"","background-repeat":"repeat","background-position":"center center","background-size":"auto","background-attachment":"scroll","background-type":"","background-media":"","overlay-type":"","overlay-color":"","overlay-opacity":"","overlay-gradient":""}},"_joinchat":[],"footnotes":""},"class_list":["post-2446","page","type-page","status-publish","hentry"],"_links":{"self":[{"href":"https:\/\/www.juanverdunmarbella.com\/de\/wp-json\/wp\/v2\/pages\/2446","targetHints":{"allow":["GET"]}}],"collection":[{"href":"https:\/\/www.juanverdunmarbella.com\/de\/wp-json\/wp\/v2\/pages"}],"about":[{"href":"https:\/\/www.juanverdunmarbella.com\/de\/wp-json\/wp\/v2\/types\/page"}],"author":[{"embeddable":true,"href":"https:\/\/www.juanverdunmarbella.com\/de\/wp-json\/wp\/v2\/users\/3"}],"replies":[{"embeddable":true,"href":"https:\/\/www.juanverdunmarbella.com\/de\/wp-json\/wp\/v2\/comments?post=2446"}],"version-history":[{"count":10,"href":"https:\/\/www.juanverdunmarbella.com\/de\/wp-json\/wp\/v2\/pages\/2446\/revisions"}],"predecessor-version":[{"id":5756,"href":"https:\/\/www.juanverdunmarbella.com\/de\/wp-json\/wp\/v2\/pages\/2446\/revisions\/5756"}],"wp:attachment":[{"href":"https:\/\/www.juanverdunmarbella.com\/de\/wp-json\/wp\/v2\/media?parent=2446"}],"curies":[{"name":"wp","href":"https:\/\/api.w.org\/{rel}","templated":true}]}}